{"id":46,"date":"2022-09-07T21:15:06","date_gmt":"2022-09-07T19:15:06","guid":{"rendered":"https:\/\/krav-maga.ralfs-fahrschule.com\/?page_id=46"},"modified":"2024-01-30T12:39:52","modified_gmt":"2024-01-30T11:39:52","slug":"krav-maga-street-defence-paderborn-geschichte","status":"publish","type":"page","link":"https:\/\/krav-maga-street-defence-paderborn.de\/index.php\/krav-maga-street-defence-galerie\/krav-maga-street-defence-paderborn-geschichte\/","title":{"rendered":"Geschichte"},"content":{"rendered":"\n<h1 class=\"wp-block-heading\" style=\"font-size:16px\"><strong>Krav Maga Geschichte und sein Erfinder: <a href=\"https:\/\/de.wikipedia.org\/wiki\/Imrich_Lichtenfeld\">Imrich Lichtenfeld<\/a> (bzw. Imi Sde-or)<\/strong><\/h1>\n\n\n\n<h2 class=\"wp-block-heading\" style=\"font-size:14px\">(*1910 in Budapest, Ungarn; \u2020 9. Januar 1998 in Netanja, Israel) war der Begr\u00fcnder des Selbstverteidigungssystems <a href=\"http:\/\/de.wikipedia.org\/wiki\/Krav_Maga\">Krav Maga<\/a>.<\/h2>\n\n\n\n<p style=\"font-size:14px\">Aufgewachsen ist Lichtenfeld in Bratislava in der heutigen Slowakei, damals aber noch Ungarn. Er war sehr sportlich und gewann Wettk\u00e4mpfe im Boxen und Ringen. Aber auch als Turner und T\u00e4nzer war er erfolgreich. Von seinem Vater, einem Polizisten der die Polizei Bratislavas in Selbstverteidigung unterrichtete, lernte Lichtenfeld Techniken des Jiu Jitsu. Ende der 1930er Jahre kam es in der Slowakei zu antisemitischen Ausschreitungen. Lichtenfeld stellte aus j\u00fcdischen Ringern und Boxern eine Schutztruppe f\u00fcr die j\u00fcdische Bev\u00f6lkerung Bratislavas auf. W\u00e4hrend der folgenden Stra\u00dfenschlachten lernte Lichtenfeld, dass sportliche oder zu kunstvolle Techniken nicht f\u00fcr einen wirklichen \u00dcberlebenskampf geeignet sind. Er fing daraufhin an, aus einfachen Grundlagen effektive Methoden f\u00fcr die Nahkampfausbildung zu entwickeln.<\/p>\n\n\n\n<p style=\"font-size:14px\">1940 musste Lichtenfeld aus der Slowakei fliehen. Nach einer abenteuerlichen Fahrt mit dem alten Flussraddampfer Pentcho und einer Zeit in der britischen Armee durfte Lichtenfeld 1942 nach Pal\u00e4stina einreisen. Dort hebr\u00e4isierte er seinen Nachnamen in Imi Sde-Or. Er schloss sich der Untergrundorganisation Hagana an. Dort erteilte er Unterricht in Nahkampf, da die j\u00fcdischen K\u00e4mpfer meist schlecht bewaffnet waren. Aus diesem Unterricht entwickelte sich das Krav Maga.<\/p>\n\n\n\n<p style=\"font-size:14px\">Nach der Gr\u00fcndung des Staates Israel (1948) wurde Lichtenfeld Chefausbilder f\u00fcr Leibesert\u00fcchtigung und Krav Maga in der israelischen Armee (Zahal). Sp\u00e4ter adaptierte er Krav Maga f\u00fcr die Bed\u00fcrfnisse von Polizisten und Zivilisten. 1996 gr\u00fcndeten Eyal Yanilov und andere seiner Sch\u00fcler auf seinen Wunsch hin die International Krav Maga Federation, um die weltweite Verbreitung des Krav Maga zu f\u00f6rdern.<\/p>\n\n\n\n<p style=\"font-size:14px\">Bis zu seinem Tod im Januar 1998 arbeitete er weiter an der Entwicklung des Krav Maga.<\/p>\n\n\n\n<p style=\"font-size:14px\">Quelle:<\/p>\n\n\n\n<p style=\"font-size:14px\"><a href=\"http:\/\/de.wikipedia.org\/wiki\/Imrich_Lichtenfeld\" target=\"_blank\" rel=\"noreferrer noopener\">http:\/\/de.wikipedia.org\/wiki\/Imrich_Lichtenfeld<\/a><\/p>\n","protected":false},"excerpt":{"rendered":"<p>Krav Maga Geschichte und sein Erfinder: Imrich Lichtenfeld (bzw. Imi Sde-or) (*1910 in Budapest, Ungarn; \u2020 9. Januar 1998 in Netanja, Israel) war der Begr\u00fcnder des Selbstverteidigungssystems Krav Maga. Aufgewachsen ist Lichtenfeld in Bratislava in der heutigen Slowakei, damals aber noch Ungarn. Er war sehr sportlich und gewann Wettk\u00e4mpfe im Boxen und Ringen. Aber auch&hellip; <a class=\"more-link\" href=\"https:\/\/krav-maga-street-defence-paderborn.de\/index.php\/krav-maga-street-defence-galerie\/krav-maga-street-defence-paderborn-geschichte\/\"><span class=\"screen-reader-text\">Geschichte<\/span> weiterlesen<\/a><\/p>\n","protected":false},"author":1,"featured_media":0,"parent":111,"menu_order":4,"comment_status":"closed","ping_status":"closed","template":"","meta":{"footnotes":""},"class_list":["post-46","page","type-page","status-publish","hentry","entry"],"yoast_head":"<!-- This site is optimized with the Yoast SEO plugin v27.5 - https:\/\/yoast.com\/product\/yoast-seo-wordpress\/ -->\n<title>Geschichte -Krav Maga Street Defence Paderborn<\/title>\n<meta name=\"description\" content=\"Erfahren Sie die faszinierende Geschichte von Krav Maga in Paderborn. Entdecken Sie, wie sich die effektive Selbstverteidigungstechnik zu einer weltweit anerkannten Kampfkunst entwickelt hat.\" \/>\n<meta name=\"robots\" content=\"index, follow, max-snippet:-1, max-image-preview:large, max-video-preview:-1\" \/>\n<link rel=\"canonical\" href=\"https:\/\/krav-maga-street-defence-paderborn.de\/index.php\/krav-maga-street-defence-galerie\/krav-maga-street-defence-paderborn-geschichte\/\" \/>\n<meta property=\"og:locale\" content=\"de_DE\" \/>\n<meta property=\"og:type\" content=\"article\" \/>\n<meta property=\"og:title\" content=\"Geschichte -Krav Maga Street Defence Paderborn\" \/>\n<meta property=\"og:description\" content=\"Erfahren Sie die faszinierende Geschichte von Krav Maga in Paderborn. Entdecken Sie, wie sich die effektive Selbstverteidigungstechnik zu einer weltweit anerkannten Kampfkunst entwickelt hat.\" \/>\n<meta property=\"og:url\" content=\"https:\/\/krav-maga-street-defence-paderborn.de\/index.php\/krav-maga-street-defence-galerie\/krav-maga-street-defence-paderborn-geschichte\/\" \/>\n<meta property=\"og:site_name\" content=\"Krav Maga Street Defence Paderborn\" \/>\n<meta property=\"article:publisher\" content=\"https:\/\/www.facebook.com\/profile.php?id=100088398933969\" \/>\n<meta property=\"article:modified_time\" content=\"2024-01-30T11:39:52+00:00\" \/>\n<meta name=\"twitter:card\" content=\"summary_large_image\" \/>\n<meta name=\"twitter:label1\" content=\"Gesch\u00e4tzte Lesezeit\" \/>\n\t<meta name=\"twitter:data1\" content=\"2\u00a0Minuten\" \/>\n<script type=\"application\/ld+json\" class=\"yoast-schema-graph\">{\"@context\":\"https:\\\/\\\/schema.org\",\"@graph\":[{\"@type\":\"WebPage\",\"@id\":\"https:\\\/\\\/krav-maga-street-defence-paderborn.de\\\/index.php\\\/krav-maga-street-defence-galerie\\\/krav-maga-street-defence-paderborn-geschichte\\\/\",\"url\":\"https:\\\/\\\/krav-maga-street-defence-paderborn.de\\\/index.php\\\/krav-maga-street-defence-galerie\\\/krav-maga-street-defence-paderborn-geschichte\\\/\",\"name\":\"Geschichte -Krav Maga Street Defence Paderborn\",\"isPartOf\":{\"@id\":\"https:\\\/\\\/krav-maga-street-defence-paderborn.de\\\/#website\"},\"datePublished\":\"2022-09-07T19:15:06+00:00\",\"dateModified\":\"2024-01-30T11:39:52+00:00\",\"description\":\"Erfahren Sie die faszinierende Geschichte von Krav Maga in Paderborn. Entdecken Sie, wie sich die effektive Selbstverteidigungstechnik zu einer weltweit anerkannten Kampfkunst entwickelt hat.\",\"breadcrumb\":{\"@id\":\"https:\\\/\\\/krav-maga-street-defence-paderborn.de\\\/index.php\\\/krav-maga-street-defence-galerie\\\/krav-maga-street-defence-paderborn-geschichte\\\/#breadcrumb\"},\"inLanguage\":\"de\",\"potentialAction\":[{\"@type\":\"ReadAction\",\"target\":[\"https:\\\/\\\/krav-maga-street-defence-paderborn.de\\\/index.php\\\/krav-maga-street-defence-galerie\\\/krav-maga-street-defence-paderborn-geschichte\\\/\"]}]},{\"@type\":\"BreadcrumbList\",\"@id\":\"https:\\\/\\\/krav-maga-street-defence-paderborn.de\\\/index.php\\\/krav-maga-street-defence-galerie\\\/krav-maga-street-defence-paderborn-geschichte\\\/#breadcrumb\",\"itemListElement\":[{\"@type\":\"ListItem\",\"position\":1,\"name\":\"Home\",\"item\":\"https:\\\/\\\/krav-maga-street-defence-paderborn.de\\\/\"},{\"@type\":\"ListItem\",\"position\":2,\"name\":\"Galerie\",\"item\":\"https:\\\/\\\/krav-maga-street-defence-paderborn.de\\\/index.php\\\/krav-maga-street-defence-galerie\\\/\"},{\"@type\":\"ListItem\",\"position\":3,\"name\":\"Geschichte\"}]},{\"@type\":\"WebSite\",\"@id\":\"https:\\\/\\\/krav-maga-street-defence-paderborn.de\\\/#website\",\"url\":\"https:\\\/\\\/krav-maga-street-defence-paderborn.de\\\/\",\"name\":\"Krav Maga Street Defence Paderborn\",\"description\":\"Selbstverteidigung mit Krav Maga in Paderborn\",\"publisher\":{\"@id\":\"https:\\\/\\\/krav-maga-street-defence-paderborn.de\\\/#\\\/schema\\\/person\\\/f931957c4fe39feb6ed615b097cbb6fe\"},\"potentialAction\":[{\"@type\":\"SearchAction\",\"target\":{\"@type\":\"EntryPoint\",\"urlTemplate\":\"https:\\\/\\\/krav-maga-street-defence-paderborn.de\\\/?s={search_term_string}\"},\"query-input\":{\"@type\":\"PropertyValueSpecification\",\"valueRequired\":true,\"valueName\":\"search_term_string\"}}],\"inLanguage\":\"de\"},{\"@type\":[\"Person\",\"Organization\"],\"@id\":\"https:\\\/\\\/krav-maga-street-defence-paderborn.de\\\/#\\\/schema\\\/person\\\/f931957c4fe39feb6ed615b097cbb6fe\",\"name\":\"admin\",\"image\":{\"@type\":\"ImageObject\",\"inLanguage\":\"de\",\"@id\":\"https:\\\/\\\/krav-maga-street-defence-paderborn.de\\\/wp-content\\\/uploads\\\/2022\\\/09\\\/cropped-Foto-01.08.22-11-58-40-e1662664911639.png\",\"url\":\"https:\\\/\\\/krav-maga-street-defence-paderborn.de\\\/wp-content\\\/uploads\\\/2022\\\/09\\\/cropped-Foto-01.08.22-11-58-40-e1662664911639.png\",\"contentUrl\":\"https:\\\/\\\/krav-maga-street-defence-paderborn.de\\\/wp-content\\\/uploads\\\/2022\\\/09\\\/cropped-Foto-01.08.22-11-58-40-e1662664911639.png\",\"width\":2731,\"height\":1163,\"caption\":\"admin\"},\"logo\":{\"@id\":\"https:\\\/\\\/krav-maga-street-defence-paderborn.de\\\/wp-content\\\/uploads\\\/2022\\\/09\\\/cropped-Foto-01.08.22-11-58-40-e1662664911639.png\"},\"sameAs\":[\"https:\\\/\\\/krav-maga.ralfs-fahrschule.com\",\"https:\\\/\\\/www.facebook.com\\\/profile.php?id=100088398933969\",\"https:\\\/\\\/www.instagram.com\\\/kravmagastreetdefencepaderborn\\\/\"]}]}<\/script>\n<!-- \/ Yoast SEO plugin. -->","yoast_head_json":{"title":"Geschichte -Krav Maga Street Defence Paderborn","description":"Erfahren Sie die faszinierende Geschichte von Krav Maga in Paderborn. Entdecken Sie, wie sich die effektive Selbstverteidigungstechnik zu einer weltweit anerkannten Kampfkunst entwickelt hat.","robots":{"index":"index","follow":"follow","max-snippet":"max-snippet:-1","max-image-preview":"max-image-preview:large","max-video-preview":"max-video-preview:-1"},"canonical":"https:\/\/krav-maga-street-defence-paderborn.de\/index.php\/krav-maga-street-defence-galerie\/krav-maga-street-defence-paderborn-geschichte\/","og_locale":"de_DE","og_type":"article","og_title":"Geschichte -Krav Maga Street Defence Paderborn","og_description":"Erfahren Sie die faszinierende Geschichte von Krav Maga in Paderborn. Entdecken Sie, wie sich die effektive Selbstverteidigungstechnik zu einer weltweit anerkannten Kampfkunst entwickelt hat.","og_url":"https:\/\/krav-maga-street-defence-paderborn.de\/index.php\/krav-maga-street-defence-galerie\/krav-maga-street-defence-paderborn-geschichte\/","og_site_name":"Krav Maga Street Defence Paderborn","article_publisher":"https:\/\/www.facebook.com\/profile.php?id=100088398933969","article_modified_time":"2024-01-30T11:39:52+00:00","twitter_card":"summary_large_image","twitter_misc":{"Gesch\u00e4tzte Lesezeit":"2\u00a0Minuten"},"schema":{"@context":"https:\/\/schema.org","@graph":[{"@type":"WebPage","@id":"https:\/\/krav-maga-street-defence-paderborn.de\/index.php\/krav-maga-street-defence-galerie\/krav-maga-street-defence-paderborn-geschichte\/","url":"https:\/\/krav-maga-street-defence-paderborn.de\/index.php\/krav-maga-street-defence-galerie\/krav-maga-street-defence-paderborn-geschichte\/","name":"Geschichte -Krav Maga Street Defence Paderborn","isPartOf":{"@id":"https:\/\/krav-maga-street-defence-paderborn.de\/#website"},"datePublished":"2022-09-07T19:15:06+00:00","dateModified":"2024-01-30T11:39:52+00:00","description":"Erfahren Sie die faszinierende Geschichte von Krav Maga in Paderborn. Entdecken Sie, wie sich die effektive Selbstverteidigungstechnik zu einer weltweit anerkannten Kampfkunst entwickelt hat.","breadcrumb":{"@id":"https:\/\/krav-maga-street-defence-paderborn.de\/index.php\/krav-maga-street-defence-galerie\/krav-maga-street-defence-paderborn-geschichte\/#breadcrumb"},"inLanguage":"de","potentialAction":[{"@type":"ReadAction","target":["https:\/\/krav-maga-street-defence-paderborn.de\/index.php\/krav-maga-street-defence-galerie\/krav-maga-street-defence-paderborn-geschichte\/"]}]},{"@type":"BreadcrumbList","@id":"https:\/\/krav-maga-street-defence-paderborn.de\/index.php\/krav-maga-street-defence-galerie\/krav-maga-street-defence-paderborn-geschichte\/#breadcrumb","itemListElement":[{"@type":"ListItem","position":1,"name":"Home","item":"https:\/\/krav-maga-street-defence-paderborn.de\/"},{"@type":"ListItem","position":2,"name":"Galerie","item":"https:\/\/krav-maga-street-defence-paderborn.de\/index.php\/krav-maga-street-defence-galerie\/"},{"@type":"ListItem","position":3,"name":"Geschichte"}]},{"@type":"WebSite","@id":"https:\/\/krav-maga-street-defence-paderborn.de\/#website","url":"https:\/\/krav-maga-street-defence-paderborn.de\/","name":"Krav Maga Street Defence Paderborn","description":"Selbstverteidigung mit Krav Maga in Paderborn","publisher":{"@id":"https:\/\/krav-maga-street-defence-paderborn.de\/#\/schema\/person\/f931957c4fe39feb6ed615b097cbb6fe"},"potentialAction":[{"@type":"SearchAction","target":{"@type":"EntryPoint","urlTemplate":"https:\/\/krav-maga-street-defence-paderborn.de\/?s={search_term_string}"},"query-input":{"@type":"PropertyValueSpecification","valueRequired":true,"valueName":"search_term_string"}}],"inLanguage":"de"},{"@type":["Person","Organization"],"@id":"https:\/\/krav-maga-street-defence-paderborn.de\/#\/schema\/person\/f931957c4fe39feb6ed615b097cbb6fe","name":"admin","image":{"@type":"ImageObject","inLanguage":"de","@id":"https:\/\/krav-maga-street-defence-paderborn.de\/wp-content\/uploads\/2022\/09\/cropped-Foto-01.08.22-11-58-40-e1662664911639.png","url":"https:\/\/krav-maga-street-defence-paderborn.de\/wp-content\/uploads\/2022\/09\/cropped-Foto-01.08.22-11-58-40-e1662664911639.png","contentUrl":"https:\/\/krav-maga-street-defence-paderborn.de\/wp-content\/uploads\/2022\/09\/cropped-Foto-01.08.22-11-58-40-e1662664911639.png","width":2731,"height":1163,"caption":"admin"},"logo":{"@id":"https:\/\/krav-maga-street-defence-paderborn.de\/wp-content\/uploads\/2022\/09\/cropped-Foto-01.08.22-11-58-40-e1662664911639.png"},"sameAs":["https:\/\/krav-maga.ralfs-fahrschule.com","https:\/\/www.facebook.com\/profile.php?id=100088398933969","https:\/\/www.instagram.com\/kravmagastreetdefencepaderborn\/"]}]}},"_links":{"self":[{"href":"https:\/\/krav-maga-street-defence-paderborn.de\/index.php\/wp-json\/wp\/v2\/pages\/46","targetHints":{"allow":["GET"]}}],"collection":[{"href":"https:\/\/krav-maga-street-defence-paderborn.de\/index.php\/wp-json\/wp\/v2\/pages"}],"about":[{"href":"https:\/\/krav-maga-street-defence-paderborn.de\/index.php\/wp-json\/wp\/v2\/types\/page"}],"author":[{"embeddable":true,"href":"https:\/\/krav-maga-street-defence-paderborn.de\/index.php\/wp-json\/wp\/v2\/users\/1"}],"replies":[{"embeddable":true,"href":"https:\/\/krav-maga-street-defence-paderborn.de\/index.php\/wp-json\/wp\/v2\/comments?post=46"}],"version-history":[{"count":13,"href":"https:\/\/krav-maga-street-defence-paderborn.de\/index.php\/wp-json\/wp\/v2\/pages\/46\/revisions"}],"predecessor-version":[{"id":409,"href":"https:\/\/krav-maga-street-defence-paderborn.de\/index.php\/wp-json\/wp\/v2\/pages\/46\/revisions\/409"}],"up":[{"embeddable":true,"href":"https:\/\/krav-maga-street-defence-paderborn.de\/index.php\/wp-json\/wp\/v2\/pages\/111"}],"wp:attachment":[{"href":"https:\/\/krav-maga-street-defence-paderborn.de\/index.php\/wp-json\/wp\/v2\/media?parent=46"}],"curies":[{"name":"wp","href":"https:\/\/api.w.org\/{rel}","templated":true}]}}